{"id":10586,"date":"2018-03-21T15:16:24","date_gmt":"2018-03-21T13:16:24","guid":{"rendered":"https:\/\/www.parkinsonysalud.com\/blog\/"},"modified":"2026-01-15T14:31:16","modified_gmt":"2026-01-15T12:31:16","slug":"blog","status":"publish","type":"page","link":"https:\/\/www.parkinsonysalud.com\/de\/blog\/","title":{"rendered":"Blog"},"content":{"rendered":"\t\t<div data-elementor-type=\"wp-page\" data-elementor-id=\"10586\" class=\"elementor elementor-10586 elementor-34\" data-elementor-post-type=\"page\">\n\t\t\t\t<div class=\"elementor-element elementor-element-7a7f5ecd e-con-full e-flex e-con e-parent\" data-id=\"7a7f5ecd\" data-element_type=\"container\" data-e-type=\"container\" data-settings=\"{&quot;background_background&quot;:&quot;classic&quot;}\">\n\t\t<div class=\"elementor-element elementor-element-2a24efff e-con-full e-flex e-con e-child\" data-id=\"2a24efff\" data-element_type=\"container\" data-e-type=\"container\">\n\t\t\t\t<div class=\"elementor-element elementor-element-4b3ca544 elementor-widget elementor-widget-heading\" data-id=\"4b3ca544\" data-element_type=\"widget\" data-e-type=\"widget\" data-widget_type=\"heading.default\">\n\t\t\t\t<div class=\"elementor-widget-container\">\n\t\t\t\t\t<h1 class=\"elementor-heading-title elementor-size-default\">Blog<\/h1>\t\t\t\t<\/div>\n\t\t\t\t<\/div>\n\t\t\t\t<\/div>\n\t\t\t\t<\/div>\n\t\t<div class=\"elementor-element elementor-element-1c7190ef e-flex e-con-boxed e-con e-parent\" data-id=\"1c7190ef\" data-element_type=\"container\" data-e-type=\"container\" data-settings=\"{&quot;background_background&quot;:&quot;classic&quot;}\">\n\t\t\t\t\t<div class=\"e-con-inner\">\n\t\t<div class=\"elementor-element elementor-element-5615a1d2 e-con-full e-flex e-con e-child\" data-id=\"5615a1d2\" data-element_type=\"container\" data-e-type=\"container\">\n\t\t<div class=\"elementor-element elementor-element-9648969 e-con-full e-flex e-con e-child\" data-id=\"9648969\" data-element_type=\"container\" data-e-type=\"container\">\n\t\t<div class=\"elementor-element elementor-element-73c0672 e-con-full e-flex e-con e-child\" data-id=\"73c0672\" data-element_type=\"container\" data-e-type=\"container\" data-settings=\"{&quot;background_background&quot;:&quot;classic&quot;}\">\n\t\t<div class=\"elementor-element elementor-element-7470030c e-con-full e-flex e-con e-child\" data-id=\"7470030c\" data-element_type=\"container\" data-e-type=\"container\">\n\t\t\t\t<div class=\"elementor-element elementor-element-3db261cb elementor-widget__width-auto elementor-widget-divider--view-line elementor-widget elementor-widget-divider\" data-id=\"3db261cb\" data-element_type=\"widget\" data-e-type=\"widget\" data-widget_type=\"divider.default\">\n\t\t\t\t<div class=\"elementor-widget-container\">\n\t\t\t\t\t\t\t<div class=\"elementor-divider\">\n\t\t\t<span class=\"elementor-divider-separator\">\n\t\t\t\t\t\t<\/span>\n\t\t<\/div>\n\t\t\t\t\t\t<\/div>\n\t\t\t\t<\/div>\n\t\t\t\t<\/div>\n\t\t\t\t<div class=\"elementor-element elementor-element-21b8a8b4 elementor-grid-3 elementor-grid-tablet-2 elementor-grid-mobile-1 elementor-posts--thumbnail-top elementor-card-shadow-yes elementor-posts__hover-gradient load-more-align-center elementor-widget elementor-widget-posts\" data-id=\"21b8a8b4\" data-element_type=\"widget\" data-e-type=\"widget\" data-settings=\"{&quot;pagination_type&quot;:&quot;load_more_on_click&quot;,&quot;cards_columns&quot;:&quot;3&quot;,&quot;cards_columns_tablet&quot;:&quot;2&quot;,&quot;cards_columns_mobile&quot;:&quot;1&quot;,&quot;cards_row_gap&quot;:{&quot;unit&quot;:&quot;px&quot;,&quot;size&quot;:35,&quot;sizes&quot;:[]},&quot;cards_row_gap_tablet&quot;:{&quot;unit&quot;:&quot;px&quot;,&quot;size&quot;:&quot;&quot;,&quot;sizes&quot;:[]},&quot;cards_row_gap_mobile&quot;:{&quot;unit&quot;:&quot;px&quot;,&quot;size&quot;:&quot;&quot;,&quot;sizes&quot;:[]},&quot;load_more_spinner&quot;:{&quot;value&quot;:&quot;fas fa-spinner&quot;,&quot;library&quot;:&quot;fa-solid&quot;}}\" data-widget_type=\"posts.cards\">\n\t\t\t\t<div class=\"elementor-widget-container\">\n\t\t\t\t\t\t\t<div class=\"elementor-posts-container elementor-posts elementor-posts--skin-cards elementor-grid\" role=\"list\">\n\t\t\t\t<article class=\"elementor-post elementor-grid-item post-3622 post type-post status-publish format-standard has-post-thumbnail hentry category-news\" role=\"listitem\">\n\t\t\t<div class=\"elementor-post__card\">\n\t\t\t\t<a class=\"elementor-post__thumbnail__link\" href=\"https:\/\/www.parkinsonysalud.com\/de\/ein-vollstaendiger-pflegeplan-fuer-einen-patienten-mit-parkinson-krankheit\/\" tabindex=\"-1\"><div class=\"elementor-post__thumbnail\"><img fetchpriority=\"high\" decoding=\"async\" width=\"932\" height=\"420\" src=\"https:\/\/www.parkinsonysalud.com\/wp-content\/uploads\/2024\/04\/05-1.jpg\" class=\"attachment-full size-full wp-image-3623\" alt=\"05\" srcset=\"https:\/\/www.parkinsonysalud.com\/wp-content\/uploads\/2024\/04\/05-1.jpg 932w, https:\/\/www.parkinsonysalud.com\/wp-content\/uploads\/2024\/04\/05-1-300x135.jpg 300w, https:\/\/www.parkinsonysalud.com\/wp-content\/uploads\/2024\/04\/05-1-768x346.jpg 768w\" sizes=\"(max-width: 932px) 100vw, 932px\" \/><\/div><\/a>\n\t\t\t\t<div class=\"elementor-post__text\">\n\t\t\t\t<span class=\"elementor-post__title\">\n\t\t\t<a href=\"https:\/\/www.parkinsonysalud.com\/de\/ein-vollstaendiger-pflegeplan-fuer-einen-patienten-mit-parkinson-krankheit\/\">\n\t\t\t\tEin vollst\u00e4ndiger Pflegeplan f\u00fcr einen Patienten mit Parkinson-Krankheit\t\t\t<\/a>\n\t\t<\/span>\n\t\t\t\t<div class=\"elementor-post__excerpt\">\n\t\t\t<p>Ein Patientenversorgungsplan hilft nicht nur Krankenschwestern und \u00c4rzten, sondern ist auch f\u00fcr alle n\u00fctzlich, die einen schwerkranken Menschen im Krankenhaus<\/p>\n\t\t<\/div>\n\t\t\t\t\t<div class=\"elementor-post__read-more-wrapper\">\n\t\t\n\t\t<a class=\"elementor-post__read-more\" href=\"https:\/\/www.parkinsonysalud.com\/de\/ein-vollstaendiger-pflegeplan-fuer-einen-patienten-mit-parkinson-krankheit\/\" aria-label=\"Mehr \u00fcber Ein vollst\u00e4ndiger Pflegeplan f\u00fcr einen Patienten mit Parkinson-Krankheit\" tabindex=\"-1\">\n\t\t\tMehr lesen \u00bb\t\t<\/a>\n\n\t\t\t\t\t<\/div>\n\t\t\t\t<\/div>\n\t\t\t\t\t<\/div>\n\t\t<\/article>\n\t\t\t\t<article class=\"elementor-post elementor-grid-item post-3531 post type-post status-publish format-standard has-post-thumbnail hentry category-ewige-nadel-therapie category-news\" role=\"listitem\">\n\t\t\t<div class=\"elementor-post__card\">\n\t\t\t\t<a class=\"elementor-post__thumbnail__link\" href=\"https:\/\/www.parkinsonysalud.com\/de\/alzheimer-und-die-ursachen\/\" tabindex=\"-1\"><div class=\"elementor-post__thumbnail\"><img decoding=\"async\" width=\"932\" height=\"420\" src=\"https:\/\/www.parkinsonysalud.com\/wp-content\/uploads\/2023\/04\/alzheimer-und-die-ursachen.jpg\" class=\"attachment-full size-full wp-image-11884\" alt=\"alzheimer und die ursachen\" srcset=\"https:\/\/www.parkinsonysalud.com\/wp-content\/uploads\/2023\/04\/alzheimer-und-die-ursachen.jpg 932w, https:\/\/www.parkinsonysalud.com\/wp-content\/uploads\/2023\/04\/alzheimer-und-die-ursachen-300x135.jpg 300w, https:\/\/www.parkinsonysalud.com\/wp-content\/uploads\/2023\/04\/alzheimer-und-die-ursachen-768x346.jpg 768w\" sizes=\"(max-width: 932px) 100vw, 932px\" \/><\/div><\/a>\n\t\t\t\t<div class=\"elementor-post__text\">\n\t\t\t\t<span class=\"elementor-post__title\">\n\t\t\t<a href=\"https:\/\/www.parkinsonysalud.com\/de\/alzheimer-und-die-ursachen\/\">\n\t\t\t\tAlzheimer und die Ursachen\t\t\t<\/a>\n\t\t<\/span>\n\t\t\t\t<div class=\"elementor-post__excerpt\">\n\t\t\t<p>Ist die Alzheimer-Krankheit erblich bedingt? Diese Frage ist Gegenstand zahlreicher Debatten unter Medizinern und Wissenschaftlern. Dank der Forschung konnte eine<\/p>\n\t\t<\/div>\n\t\t\t\t\t<div class=\"elementor-post__read-more-wrapper\">\n\t\t\n\t\t<a class=\"elementor-post__read-more\" href=\"https:\/\/www.parkinsonysalud.com\/de\/alzheimer-und-die-ursachen\/\" aria-label=\"Mehr \u00fcber Alzheimer und die Ursachen\" tabindex=\"-1\">\n\t\t\tMehr lesen \u00bb\t\t<\/a>\n\n\t\t\t\t\t<\/div>\n\t\t\t\t<\/div>\n\t\t\t\t\t<\/div>\n\t\t<\/article>\n\t\t\t\t<article class=\"elementor-post elementor-grid-item post-3518 post type-post status-publish format-standard has-post-thumbnail hentry category-ewige-nadel-therapie category-news\" role=\"listitem\">\n\t\t\t<div class=\"elementor-post__card\">\n\t\t\t\t<a class=\"elementor-post__thumbnail__link\" href=\"https:\/\/www.parkinsonysalud.com\/de\/vitamin-k-und-sein-nutzen\/\" tabindex=\"-1\"><div class=\"elementor-post__thumbnail\"><img decoding=\"async\" width=\"932\" height=\"420\" src=\"https:\/\/www.parkinsonysalud.com\/wp-content\/uploads\/2023\/04\/vitamin-k-und-sein-nutzen.jpg\" class=\"attachment-full size-full wp-image-3525\" alt=\"vitamin k und sein nutzen\" srcset=\"https:\/\/www.parkinsonysalud.com\/wp-content\/uploads\/2023\/04\/vitamin-k-und-sein-nutzen.jpg 932w, https:\/\/www.parkinsonysalud.com\/wp-content\/uploads\/2023\/04\/vitamin-k-und-sein-nutzen-300x135.jpg 300w, https:\/\/www.parkinsonysalud.com\/wp-content\/uploads\/2023\/04\/vitamin-k-und-sein-nutzen-768x346.jpg 768w\" sizes=\"(max-width: 932px) 100vw, 932px\" \/><\/div><\/a>\n\t\t\t\t<div class=\"elementor-post__text\">\n\t\t\t\t<span class=\"elementor-post__title\">\n\t\t\t<a href=\"https:\/\/www.parkinsonysalud.com\/de\/vitamin-k-und-sein-nutzen\/\">\n\t\t\t\tVitamin K und sein Nutzen\t\t\t<\/a>\n\t\t<\/span>\n\t\t\t\t<div class=\"elementor-post__excerpt\">\n\t\t\t<p>Im Zentrum f\u00fcr Neuro-Regenerative Medizin behandeln wir neurodegenerative\u00a0Krankheiten wie Parkinson oder Alzheimer. Einer der wichtigsten Aspekte, die bei der\u00a0Pflege der<\/p>\n\t\t<\/div>\n\t\t\t\t\t<div class=\"elementor-post__read-more-wrapper\">\n\t\t\n\t\t<a class=\"elementor-post__read-more\" href=\"https:\/\/www.parkinsonysalud.com\/de\/vitamin-k-und-sein-nutzen\/\" aria-label=\"Mehr \u00fcber Vitamin K und sein Nutzen\" tabindex=\"-1\">\n\t\t\tMehr lesen \u00bb\t\t<\/a>\n\n\t\t\t\t\t<\/div>\n\t\t\t\t<\/div>\n\t\t\t\t\t<\/div>\n\t\t<\/article>\n\t\t\t\t<article class=\"elementor-post elementor-grid-item post-3505 post type-post status-publish format-standard has-post-thumbnail hentry category-ewige-nadel-therapie category-news\" role=\"listitem\">\n\t\t\t<div class=\"elementor-post__card\">\n\t\t\t\t<a class=\"elementor-post__thumbnail__link\" href=\"https:\/\/www.parkinsonysalud.com\/de\/die-wichtigkeit-von-vitamin-b12\/\" tabindex=\"-1\"><div class=\"elementor-post__thumbnail\"><img loading=\"lazy\" decoding=\"async\" width=\"932\" height=\"420\" src=\"https:\/\/www.parkinsonysalud.com\/wp-content\/uploads\/2023\/03\/die-wichtigkeit-von-vitamin-b12-1.jpg\" class=\"attachment-full size-full wp-image-11883\" alt=\"die wichtigkeit von vitamin B12\" srcset=\"https:\/\/www.parkinsonysalud.com\/wp-content\/uploads\/2023\/03\/die-wichtigkeit-von-vitamin-b12-1.jpg 932w, https:\/\/www.parkinsonysalud.com\/wp-content\/uploads\/2023\/03\/die-wichtigkeit-von-vitamin-b12-1-300x135.jpg 300w, https:\/\/www.parkinsonysalud.com\/wp-content\/uploads\/2023\/03\/die-wichtigkeit-von-vitamin-b12-1-768x346.jpg 768w\" sizes=\"(max-width: 932px) 100vw, 932px\" \/><\/div><\/a>\n\t\t\t\t<div class=\"elementor-post__text\">\n\t\t\t\t<span class=\"elementor-post__title\">\n\t\t\t<a href=\"https:\/\/www.parkinsonysalud.com\/de\/die-wichtigkeit-von-vitamin-b12\/\">\n\t\t\t\tDie Wichtigkeit von Vitamin B12\t\t\t<\/a>\n\t\t<\/span>\n\t\t\t\t<div class=\"elementor-post__excerpt\">\n\t\t\t<p>Vitamin B12 oder Cobalamin tr\u00e4gt zur Gesunderhaltung des Zentralnervensystems, der\u00a0Bildung roter Blutk\u00f6rperchen, der DNA-Synthese und des Zellstoffwechsels bei und\u00a0hilft, neurodegenerative<\/p>\n\t\t<\/div>\n\t\t\t\t\t<div class=\"elementor-post__read-more-wrapper\">\n\t\t\n\t\t<a class=\"elementor-post__read-more\" href=\"https:\/\/www.parkinsonysalud.com\/de\/die-wichtigkeit-von-vitamin-b12\/\" aria-label=\"Mehr \u00fcber Die Wichtigkeit von Vitamin B12\" tabindex=\"-1\">\n\t\t\tMehr lesen \u00bb\t\t<\/a>\n\n\t\t\t\t\t<\/div>\n\t\t\t\t<\/div>\n\t\t\t\t\t<\/div>\n\t\t<\/article>\n\t\t\t\t<article class=\"elementor-post elementor-grid-item post-3497 post type-post status-publish format-standard has-post-thumbnail hentry category-ewige-nadel-therapie category-news\" role=\"listitem\">\n\t\t\t<div class=\"elementor-post__card\">\n\t\t\t\t<a class=\"elementor-post__thumbnail__link\" href=\"https:\/\/www.parkinsonysalud.com\/de\/parkinson-und-personlichkeitsveranderungen\/\" tabindex=\"-1\"><div class=\"elementor-post__thumbnail\"><img loading=\"lazy\" decoding=\"async\" width=\"932\" height=\"420\" src=\"https:\/\/www.parkinsonysalud.com\/wp-content\/uploads\/2023\/03\/parkinson-und-personlichkeitsveranderungen.jpg\" class=\"attachment-full size-full wp-image-3498\" alt=\"parkinson und personlichkeitsveranderungen\" srcset=\"https:\/\/www.parkinsonysalud.com\/wp-content\/uploads\/2023\/03\/parkinson-und-personlichkeitsveranderungen.jpg 932w, https:\/\/www.parkinsonysalud.com\/wp-content\/uploads\/2023\/03\/parkinson-und-personlichkeitsveranderungen-300x135.jpg 300w, https:\/\/www.parkinsonysalud.com\/wp-content\/uploads\/2023\/03\/parkinson-und-personlichkeitsveranderungen-768x346.jpg 768w\" sizes=\"(max-width: 932px) 100vw, 932px\" \/><\/div><\/a>\n\t\t\t\t<div class=\"elementor-post__text\">\n\t\t\t\t<span class=\"elementor-post__title\">\n\t\t\t<a href=\"https:\/\/www.parkinsonysalud.com\/de\/parkinson-und-personlichkeitsveranderungen\/\">\n\t\t\t\tParkinson und Pers\u00f6nlichkeitsver\u00e4nderungen\t\t\t<\/a>\n\t\t<\/span>\n\t\t\t\t<div class=\"elementor-post__excerpt\">\n\t\t\t<p>Die Auswirkungen der Parkinson-Krankheit oder -St\u00f6rung beschr\u00e4nken sich in der Regel\u00a0auf das Zittern und den fortschreitenden Verlust der motorischen F\u00e4higkeiten.<\/p>\n\t\t<\/div>\n\t\t\t\t\t<div class=\"elementor-post__read-more-wrapper\">\n\t\t\n\t\t<a class=\"elementor-post__read-more\" href=\"https:\/\/www.parkinsonysalud.com\/de\/parkinson-und-personlichkeitsveranderungen\/\" aria-label=\"Mehr \u00fcber Parkinson und Pers\u00f6nlichkeitsver\u00e4nderungen\" tabindex=\"-1\">\n\t\t\tMehr lesen \u00bb\t\t<\/a>\n\n\t\t\t\t\t<\/div>\n\t\t\t\t<\/div>\n\t\t\t\t\t<\/div>\n\t\t<\/article>\n\t\t\t\t<article class=\"elementor-post elementor-grid-item post-12211 post type-post status-publish format-standard has-post-thumbnail hentry category-ewige-nadel-therapie category-news\" role=\"listitem\">\n\t\t\t<div class=\"elementor-post__card\">\n\t\t\t\t<a class=\"elementor-post__thumbnail__link\" href=\"https:\/\/www.parkinsonysalud.com\/de\/das-idiopathische-parkinson-syndrom\/\" tabindex=\"-1\"><div class=\"elementor-post__thumbnail\"><img loading=\"lazy\" decoding=\"async\" width=\"932\" height=\"420\" src=\"https:\/\/www.parkinsonysalud.com\/wp-content\/uploads\/2023\/03\/das-idiopathische-parkinson-syndrom.jpg\" class=\"attachment-full size-full wp-image-11877\" alt=\"das idiopathische parkinson-syndrom\" srcset=\"https:\/\/www.parkinsonysalud.com\/wp-content\/uploads\/2023\/03\/das-idiopathische-parkinson-syndrom.jpg 932w, https:\/\/www.parkinsonysalud.com\/wp-content\/uploads\/2023\/03\/das-idiopathische-parkinson-syndrom-300x135.jpg 300w, https:\/\/www.parkinsonysalud.com\/wp-content\/uploads\/2023\/03\/das-idiopathische-parkinson-syndrom-768x346.jpg 768w\" sizes=\"(max-width: 932px) 100vw, 932px\" \/><\/div><\/a>\n\t\t\t\t<div class=\"elementor-post__text\">\n\t\t\t\t<span class=\"elementor-post__title\">\n\t\t\t<a href=\"https:\/\/www.parkinsonysalud.com\/de\/das-idiopathische-parkinson-syndrom\/\">\n\t\t\t\tDas idiopathische Parkinson-Syndrom\t\t\t<\/a>\n\t\t<\/span>\n\t\t\t\t<div class=\"elementor-post__excerpt\">\n\t\t\t<p>Der Ursprung der Parkinson-Krankheit, von der sch\u00e4tzungsweise 1 % der \u00fcber 50-J\u00e4hrigen betroffen sind, ist derzeit unbekannt. Innerhalb dieser Pathologie<\/p>\n\t\t<\/div>\n\t\t\t\t\t<div class=\"elementor-post__read-more-wrapper\">\n\t\t\n\t\t<a class=\"elementor-post__read-more\" href=\"https:\/\/www.parkinsonysalud.com\/de\/das-idiopathische-parkinson-syndrom\/\" aria-label=\"Mehr \u00fcber Das idiopathische Parkinson-Syndrom\" tabindex=\"-1\">\n\t\t\tMehr lesen \u00bb\t\t<\/a>\n\n\t\t\t\t\t<\/div>\n\t\t\t\t<\/div>\n\t\t\t\t\t<\/div>\n\t\t<\/article>\n\t\t\t\t<article class=\"elementor-post elementor-grid-item post-3493 post type-post status-publish format-standard has-post-thumbnail hentry category-ewige-nadel-therapie category-news\" role=\"listitem\">\n\t\t\t<div class=\"elementor-post__card\">\n\t\t\t\t<a class=\"elementor-post__thumbnail__link\" href=\"https:\/\/www.parkinsonysalud.com\/de\/parkinson-und-charakterliche-varanderungen\/\" tabindex=\"-1\"><div class=\"elementor-post__thumbnail\"><img loading=\"lazy\" decoding=\"async\" width=\"932\" height=\"420\" src=\"https:\/\/www.parkinsonysalud.com\/wp-content\/uploads\/2023\/03\/parkinson-und-charakterliche-varanderungen.jpg\" class=\"attachment-full size-full wp-image-3494\" alt=\"parkinson und charakterliche varanderungen\" srcset=\"https:\/\/www.parkinsonysalud.com\/wp-content\/uploads\/2023\/03\/parkinson-und-charakterliche-varanderungen.jpg 932w, https:\/\/www.parkinsonysalud.com\/wp-content\/uploads\/2023\/03\/parkinson-und-charakterliche-varanderungen-300x135.jpg 300w, https:\/\/www.parkinsonysalud.com\/wp-content\/uploads\/2023\/03\/parkinson-und-charakterliche-varanderungen-768x346.jpg 768w\" sizes=\"(max-width: 932px) 100vw, 932px\" \/><\/div><\/a>\n\t\t\t\t<div class=\"elementor-post__text\">\n\t\t\t\t<span class=\"elementor-post__title\">\n\t\t\t<a href=\"https:\/\/www.parkinsonysalud.com\/de\/parkinson-und-charakterliche-varanderungen\/\">\n\t\t\t\tParkinson und charakterliche Var\u00e4nderungen\t\t\t<\/a>\n\t\t<\/span>\n\t\t\t\t<div class=\"elementor-post__excerpt\">\n\t\t\t<p>Es gibt zahlreiche Behandlungsm\u00f6glichkeiten, um die Auswirkungen dieser\u00a0neurodegenerativen Erkrankung zu lindern, die vor allem das Nervensystem chronisch und\u00a0schleichend beeintr\u00e4chtigt. Der<\/p>\n\t\t<\/div>\n\t\t\t\t\t<div class=\"elementor-post__read-more-wrapper\">\n\t\t\n\t\t<a class=\"elementor-post__read-more\" href=\"https:\/\/www.parkinsonysalud.com\/de\/parkinson-und-charakterliche-varanderungen\/\" aria-label=\"Mehr \u00fcber Parkinson und charakterliche Var\u00e4nderungen\" tabindex=\"-1\">\n\t\t\tMehr lesen \u00bb\t\t<\/a>\n\n\t\t\t\t\t<\/div>\n\t\t\t\t<\/div>\n\t\t\t\t\t<\/div>\n\t\t<\/article>\n\t\t\t\t<article class=\"elementor-post elementor-grid-item post-3366 post type-post status-publish format-standard has-post-thumbnail hentry category-ewige-nadel-therapie category-news\" role=\"listitem\">\n\t\t\t<div class=\"elementor-post__card\">\n\t\t\t\t<a class=\"elementor-post__thumbnail__link\" href=\"https:\/\/www.parkinsonysalud.com\/de\/achtsamkeit-und-positive-effekte-bei-neurodegenerative-erkrankungen\/\" tabindex=\"-1\"><div class=\"elementor-post__thumbnail\"><img loading=\"lazy\" decoding=\"async\" width=\"935\" height=\"381\" src=\"https:\/\/www.parkinsonysalud.com\/wp-content\/uploads\/2023\/01\/achtsamkeit-und-positive-effekte-bei-neurodegenerative-erkrankungen.jpg\" class=\"attachment-full size-full wp-image-3427\" alt=\"achtsamkeit und positive effekte bei neurodegenerative erkrankungen\" srcset=\"https:\/\/www.parkinsonysalud.com\/wp-content\/uploads\/2023\/01\/achtsamkeit-und-positive-effekte-bei-neurodegenerative-erkrankungen.jpg 935w, https:\/\/www.parkinsonysalud.com\/wp-content\/uploads\/2023\/01\/achtsamkeit-und-positive-effekte-bei-neurodegenerative-erkrankungen-300x122.jpg 300w, https:\/\/www.parkinsonysalud.com\/wp-content\/uploads\/2023\/01\/achtsamkeit-und-positive-effekte-bei-neurodegenerative-erkrankungen-768x313.jpg 768w\" sizes=\"(max-width: 935px) 100vw, 935px\" \/><\/div><\/a>\n\t\t\t\t<div class=\"elementor-post__text\">\n\t\t\t\t<span class=\"elementor-post__title\">\n\t\t\t<a href=\"https:\/\/www.parkinsonysalud.com\/de\/achtsamkeit-und-positive-effekte-bei-neurodegenerative-erkrankungen\/\">\n\t\t\t\tAchtsamkeit und positive Effekte bei neurodegenerative Erkrankungen\t\t\t<\/a>\n\t\t<\/span>\n\t\t\t\t<div class=\"elementor-post__excerpt\">\n\t\t\t<p>Kann eine alternative Behandlung L\u00f6sungen f\u00fcr Parkinson- und Alzheimer-Patienten bieten? Tatsache ist, dass neurodegenerativen Erkrankungen heutzutage irreversibel sind. Auch ihre<\/p>\n\t\t<\/div>\n\t\t\t\t\t<div class=\"elementor-post__read-more-wrapper\">\n\t\t\n\t\t<a class=\"elementor-post__read-more\" href=\"https:\/\/www.parkinsonysalud.com\/de\/achtsamkeit-und-positive-effekte-bei-neurodegenerative-erkrankungen\/\" aria-label=\"Mehr \u00fcber Achtsamkeit und positive Effekte bei neurodegenerative Erkrankungen\" tabindex=\"-1\">\n\t\t\tMehr lesen \u00bb\t\t<\/a>\n\n\t\t\t\t\t<\/div>\n\t\t\t\t<\/div>\n\t\t\t\t\t<\/div>\n\t\t<\/article>\n\t\t\t\t<article class=\"elementor-post elementor-grid-item post-12209 post type-post status-publish format-standard has-post-thumbnail hentry category-ewige-nadel-therapie category-news\" role=\"listitem\">\n\t\t\t<div class=\"elementor-post__card\">\n\t\t\t\t<a class=\"elementor-post__thumbnail__link\" href=\"https:\/\/www.parkinsonysalud.com\/de\/wirkung-von-krautertees-bei-angsten\/\" tabindex=\"-1\"><div class=\"elementor-post__thumbnail\"><img loading=\"lazy\" decoding=\"async\" width=\"935\" height=\"381\" src=\"https:\/\/www.parkinsonysalud.com\/wp-content\/uploads\/2023\/02\/die-wirkung-von-krautertees-bei-angsten.jpg\" class=\"attachment-full size-full wp-image-11872\" alt=\"die wirkung von krautertees bei angsten\" srcset=\"https:\/\/www.parkinsonysalud.com\/wp-content\/uploads\/2023\/02\/die-wirkung-von-krautertees-bei-angsten.jpg 935w, https:\/\/www.parkinsonysalud.com\/wp-content\/uploads\/2023\/02\/die-wirkung-von-krautertees-bei-angsten-300x122.jpg 300w, https:\/\/www.parkinsonysalud.com\/wp-content\/uploads\/2023\/02\/die-wirkung-von-krautertees-bei-angsten-768x313.jpg 768w\" sizes=\"(max-width: 935px) 100vw, 935px\" \/><\/div><\/a>\n\t\t\t\t<div class=\"elementor-post__text\">\n\t\t\t\t<span class=\"elementor-post__title\">\n\t\t\t<a href=\"https:\/\/www.parkinsonysalud.com\/de\/wirkung-von-krautertees-bei-angsten\/\">\n\t\t\t\tDie Wirkung von Kr\u00e4utertees bei \u00c4ngsten\t\t\t<\/a>\n\t\t<\/span>\n\t\t\t\t<div class=\"elementor-post__excerpt\">\n\t\t\t<p>Es ist m\u00f6glich, \u00c4ngste mit einer alternativen pflanzlichen Behandlung zu lindern, obwohl diese \u00fcberwacht werden sollte, da sie mit anderen<\/p>\n\t\t<\/div>\n\t\t\t\t\t<div class=\"elementor-post__read-more-wrapper\">\n\t\t\n\t\t<a class=\"elementor-post__read-more\" href=\"https:\/\/www.parkinsonysalud.com\/de\/wirkung-von-krautertees-bei-angsten\/\" aria-label=\"Mehr \u00fcber Die Wirkung von Kr\u00e4utertees bei \u00c4ngsten\" tabindex=\"-1\">\n\t\t\tMehr lesen \u00bb\t\t<\/a>\n\n\t\t\t\t\t<\/div>\n\t\t\t\t<\/div>\n\t\t\t\t\t<\/div>\n\t\t<\/article>\n\t\t\t\t<\/div>\n\t\t\t\t\t<span class=\"e-load-more-spinner\">\n\t\t\t\t<svg aria-hidden=\"true\" class=\"e-font-icon-svg e-fas-spinner\" viewBox=\"0 0 512 512\" xmlns=\"http:\/\/www.w3.org\/2000\/svg\"><path d=\"M304 48c0 26.51-21.49 48-48 48s-48-21.49-48-48 21.49-48 48-48 48 21.49 48 48zm-48 368c-26.51 0-48 21.49-48 48s21.49 48 48 48 48-21.49 48-48-21.49-48-48-48zm208-208c-26.51 0-48 21.49-48 48s21.49 48 48 48 48-21.49 48-48-21.49-48-48-48zM96 256c0-26.51-21.49-48-48-48S0 229.49 0 256s21.49 48 48 48 48-21.49 48-48zm12.922 99.078c-26.51 0-48 21.49-48 48s21.49 48 48 48 48-21.49 48-48c0-26.509-21.491-48-48-48zm294.156 0c-26.51 0-48 21.49-48 48s21.49 48 48 48 48-21.49 48-48c0-26.509-21.49-48-48-48zM108.922 60.922c-26.51 0-48 21.49-48 48s21.49 48 48 48 48-21.49 48-48-21.491-48-48-48z\"><\/path><\/svg>\t\t\t<\/span>\n\t\t\n\t\t\t\t<div class=\"e-load-more-anchor\" data-page=\"1\" data-max-page=\"14\" data-next-page=\"https:\/\/www.parkinsonysalud.com\/de\/wp-json\/wp\/v2\/pages\/10586\/page\/2\/\"><\/div>\n\t\t\t\t<div class=\"elementor-button-wrapper\">\n\t\t\t<a class=\"elementor-button elementor-size-sm\" role=\"button\">\n\t\t\t\t\t\t<span class=\"elementor-button-content-wrapper\">\n\t\t\t\t\t\t\t<span class=\"elementor-button-icon\">\n\t\t\t\t<svg aria-hidden=\"true\" class=\"e-font-icon-svg e-fas-angle-down\" viewBox=\"0 0 320 512\" xmlns=\"http:\/\/www.w3.org\/2000\/svg\"><path d=\"M143 352.3L7 216.3c-9.4-9.4-9.4-24.6 0-33.9l22.6-22.6c9.4-9.4 24.6-9.4 33.9 0l96.4 96.4 96.4-96.4c9.4-9.4 24.6-9.4 33.9 0l22.6 22.6c9.4 9.4 9.4 24.6 0 33.9l-136 136c-9.2 9.4-24.4 9.4-33.8 0z\"><\/path><\/svg>\t\t\t<\/span>\n\t\t\t\t\t\t\t\t\t<span class=\"elementor-button-text\">Mehr laden<\/span>\n\t\t\t\t\t<\/span>\n\t\t\t\t\t<\/a>\n\t\t<\/div>\n\t\t\t\t<div class=\"e-load-more-message\"><\/div>\n\t\t\t\t\t\t<\/div>\n\t\t\t\t<\/div>\n\t\t\t\t<\/div>\n\t\t<div class=\"elementor-element elementor-element-1309010f e-con-full e-flex e-con e-child\" data-id=\"1309010f\" data-element_type=\"container\" data-e-type=\"container\" data-settings=\"{&quot;background_background&quot;:&quot;classic&quot;}\">\n\t\t<div class=\"elementor-element elementor-element-3a20f90f e-con-full e-flex e-con e-child\" data-id=\"3a20f90f\" data-element_type=\"container\" data-e-type=\"container\">\n\t\t<div class=\"elementor-element elementor-element-2c91cdd9 e-con-full e-flex e-con e-child\" data-id=\"2c91cdd9\" data-element_type=\"container\" data-e-type=\"container\">\n\t\t\t\t<div class=\"elementor-element elementor-element-1587ec84 elementor-widget elementor-widget-heading\" data-id=\"1587ec84\" data-element_type=\"widget\" data-e-type=\"widget\" data-widget_type=\"heading.default\">\n\t\t\t\t<div class=\"elementor-widget-container\">\n\t\t\t\t\t<h2 class=\"elementor-heading-title elementor-size-default\">Geschichten, Ratschl\u00e4ge und Wohlbefinden<\/h2>\t\t\t\t<\/div>\n\t\t\t\t<\/div>\n\t\t\t\t<div class=\"elementor-element elementor-element-683318e8 elementor-widget__width-auto elementor-widget-divider--view-line elementor-widget elementor-widget-divider\" data-id=\"683318e8\" data-element_type=\"widget\" data-e-type=\"widget\" data-widget_type=\"divider.default\">\n\t\t\t\t<div class=\"elementor-widget-container\">\n\t\t\t\t\t\t\t<div class=\"elementor-divider\">\n\t\t\t<span class=\"elementor-divider-separator\">\n\t\t\t\t\t\t<\/span>\n\t\t<\/div>\n\t\t\t\t\t\t<\/div>\n\t\t\t\t<\/div>\n\t\t\t\t<\/div>\n\t\t\t\t<div class=\"elementor-element elementor-element-5fa94658 elementor-widget elementor-widget-text-editor\" data-id=\"5fa94658\" data-element_type=\"widget\" data-e-type=\"widget\" data-widget_type=\"text-editor.default\">\n\t\t\t\t<div class=\"elementor-widget-container\">\n\t\t\t\t\t\t\t\t\t<div class=\"vc_empty_space\">In diesem Bereich finden Sie <strong>Artikel und Ressourcen zu Medizin<\/strong>, <strong>komplement\u00e4ren Therapien <\/strong>und Fortschritten im Gesundheitswesen. Unser Ziel ist es,<strong> aktuelle und verl\u00e4ssliche Informationen<\/strong> anzubieten, die zur <strong>Verbesserung Ihrer Lebensqualit\u00e4t beitragen.<\/strong> <\/div>\t\t\t\t\t\t\t\t<\/div>\n\t\t\t\t<\/div>\n\t\t\t\t<\/div>\n\t\t\t\t<\/div>\n\t\t<div class=\"elementor-element elementor-element-36e832a1 e-con-full e-flex e-con e-child\" data-id=\"36e832a1\" data-element_type=\"container\" data-e-type=\"container\" data-settings=\"{&quot;background_background&quot;:&quot;classic&quot;}\">\n\t\t\t\t<div class=\"elementor-element elementor-element-4adab190 elementor-widget__width-auto elementor-widget elementor-widget-search\" data-id=\"4adab190\" data-element_type=\"widget\" data-e-type=\"widget\" data-settings=\"{&quot;submit_trigger&quot;:&quot;click_submit&quot;,&quot;pagination_type_options&quot;:&quot;none&quot;}\" data-widget_type=\"search.default\">\n\t\t\t\t<div class=\"elementor-widget-container\">\n\t\t\t\t\t\t\t<search class=\"e-search hidden\" role=\"search\">\n\t\t\t<form class=\"e-search-form\" action=\"https:\/\/www.parkinsonysalud.com\/de\/\" method=\"get\">\n\n\t\t\t\t\n\t\t\t\t<label class=\"e-search-label\" for=\"search-4adab190\">\n\t\t\t\t\t<span class=\"elementor-screen-only\">\n\t\t\t\t\t\tSuche\t\t\t\t\t<\/span>\n\t\t\t\t\t\t\t\t\t<\/label>\n\n\t\t\t\t<div class=\"e-search-input-wrapper\">\n\t\t\t\t\t<input id=\"search-4adab190\" placeholder=\"Was suchen Sie?\" class=\"e-search-input\" type=\"search\" name=\"s\" value=\"\" autocomplete=\"off\" role=\"combobox\" aria-autocomplete=\"list\" aria-expanded=\"false\" aria-controls=\"results-4adab190\" aria-haspopup=\"listbox\">\n\t\t\t\t\t<svg aria-hidden=\"true\" class=\"e-font-icon-svg e-fas-times\" viewBox=\"0 0 352 512\" xmlns=\"http:\/\/www.w3.org\/2000\/svg\"><path d=\"M242.72 256l100.07-100.07c12.28-12.28 12.28-32.19 0-44.48l-22.24-22.24c-12.28-12.28-32.19-12.28-44.48 0L176 189.28 75.93 89.21c-12.28-12.28-32.19-12.28-44.48 0L9.21 111.45c-12.28 12.28-12.28 32.19 0 44.48L109.28 256 9.21 356.07c-12.28 12.28-12.28 32.19 0 44.48l22.24 22.24c12.28 12.28 32.2 12.28 44.48 0L176 322.72l100.07 100.07c12.28 12.28 32.2 12.28 44.48 0l22.24-22.24c12.28-12.28 12.28-32.19 0-44.48L242.72 256z\"><\/path><\/svg>\t\t\t\t\t\t\t\t\t\t<output id=\"results-4adab190\" class=\"e-search-results-container hide-loader\" aria-live=\"polite\" aria-atomic=\"true\" aria-label=\"Ergebnisse f\u00fcr Suche\" tabindex=\"0\">\n\t\t\t\t\t\t<div class=\"e-search-results\"><\/div>\n\t\t\t\t\t\t\t\t\t\t\t<\/output>\n\t\t\t\t\t\t\t\t\t<\/div>\n\t\t\t\t\n\t\t\t\t\n\t\t\t\t<button class=\"e-search-submit  \" type=\"submit\">\n\t\t\t\t\t\n\t\t\t\t\t\t\t\t\t\t<span class=\"\">\n\t\t\t\t\t\tSuchen\t\t\t\t\t<\/span>\n\t\t\t\t\t\t\t\t\t<\/button>\n\t\t\t\t<input type=\"hidden\" name=\"e_search_props\" value=\"4adab190-10586\">\n\t\t\t<\/form>\n\t\t<\/search>\n\t\t\t\t\t\t<\/div>\n\t\t\t\t<\/div>\n\t\t\t\t<\/div>\n\t\t\t\t<\/div>\n\t\t\t\t<\/div>\n\t\t\t\t\t<\/div>\n\t\t\t\t<\/div>\n\t\t\t\t<\/div>\n\t\t","protected":false},"excerpt":{"rendered":"<p>Blog Geschichten, Ratschl\u00e4ge und Wohlbefinden In diesem Bereich finden Sie Artikel und Ressourcen zu Medizin, komplement\u00e4ren Therapien und Fortschritten im Gesundheitswesen. Unser Ziel ist es, aktuelle und verl\u00e4ssliche Informationen anzubieten, die zur Verbesserung Ihrer Lebensqualit\u00e4t beitragen. Buscar Suchen<\/p>\n","protected":false},"author":1,"featured_media":10486,"parent":0,"menu_order":0,"comment_status":"closed","ping_status":"closed","template":"","meta":{"site-sidebar-layout":"no-sidebar","site-content-layout":"page-builder","ast-site-content-layout":"full-width-container","site-content-style":"default","site-sidebar-style":"default","ast-global-header-display":"","ast-banner-title-visibility":"","ast-main-header-display":"","ast-hfb-above-header-display":"","ast-hfb-below-header-display":"","ast-hfb-mobile-header-display":"","site-post-title":"disabled","ast-breadcrumbs-content":"","ast-featured-img":"disabled","footer-sml-layout":"","ast-disable-related-posts":"","theme-transparent-header-meta":"default","adv-header-id-meta":"","stick-header-meta":"default","header-above-stick-meta":"","header-main-stick-meta":"","header-below-stick-meta":"","astra-migrate-meta-layouts":"set","ast-page-background-enabled":"default","ast-page-background-meta":{"desktop":{"background-color":"","background-image":"","background-repeat":"repeat","background-position":"center center","background-size":"auto","background-attachment":"scroll","background-type":"","background-media":"","overlay-type":"","overlay-color":"","overlay-opacity":"","overlay-gradient":""},"tablet":{"background-color":"","background-image":"","background-repeat":"repeat","background-position":"center center","background-size":"auto","background-attachment":"scroll","background-type":"","background-media":"","overlay-type":"","overlay-color":"","overlay-opacity":"","overlay-gradient":""},"mobile":{"background-color":"","background-image":"","background-repeat":"repeat","background-position":"center center","background-size":"auto","background-attachment":"scroll","background-type":"","background-media":"","overlay-type":"","overlay-color":"","overlay-opacity":"","overlay-gradient":""}},"ast-content-background-meta":{"desktop":{"background-color":"var(--ast-global-color-5)","background-image":"","background-repeat":"repeat","background-position":"center center","background-size":"auto","background-attachment":"scroll","background-type":"","background-media":"","overlay-type":"","overlay-color":"","overlay-opacity":"","overlay-gradient":""},"tablet":{"background-color":"var(--ast-global-color-5)","background-image":"","background-repeat":"repeat","background-position":"center center","background-size":"auto","background-attachment":"scroll","background-type":"","background-media":"","overlay-type":"","overlay-color":"","overlay-opacity":"","overlay-gradient":""},"mobile":{"background-color":"var(--ast-global-color-5)","background-image":"","background-repeat":"repeat","background-position":"center center","background-size":"auto","background-attachment":"scroll","background-type":"","background-media":"","overlay-type":"","overlay-color":"","overlay-opacity":"","overlay-gradient":""}},"footnotes":""},"class_list":["post-10586","page","type-page","status-publish","has-post-thumbnail","hentry"],"_links":{"self":[{"href":"https:\/\/www.parkinsonysalud.com\/de\/wp-json\/wp\/v2\/pages\/10586","targetHints":{"allow":["GET"]}}],"collection":[{"href":"https:\/\/www.parkinsonysalud.com\/de\/wp-json\/wp\/v2\/pages"}],"about":[{"href":"https:\/\/www.parkinsonysalud.com\/de\/wp-json\/wp\/v2\/types\/page"}],"author":[{"embeddable":true,"href":"https:\/\/www.parkinsonysalud.com\/de\/wp-json\/wp\/v2\/users\/1"}],"replies":[{"embeddable":true,"href":"https:\/\/www.parkinsonysalud.com\/de\/wp-json\/wp\/v2\/comments?post=10586"}],"version-history":[{"count":0,"href":"https:\/\/www.parkinsonysalud.com\/de\/wp-json\/wp\/v2\/pages\/10586\/revisions"}],"wp:featuredmedia":[{"embeddable":true,"href":"https:\/\/www.parkinsonysalud.com\/de\/wp-json\/wp\/v2\/media\/10486"}],"wp:attachment":[{"href":"https:\/\/www.parkinsonysalud.com\/de\/wp-json\/wp\/v2\/media?parent=10586"}],"curies":[{"name":"wp","href":"https:\/\/api.w.org\/{rel}","templated":true}]}}